{"id":348,"date":"2025-06-17T13:00:00","date_gmt":"2025-06-17T11:00:00","guid":{"rendered":"http:\/\/icaourense.gal\/?page_id=348"},"modified":"2025-07-07T19:33:06","modified_gmt":"2025-07-07T17:33:06","slug":"xunta-de-goberno","status":"publish","type":"page","link":"https:\/\/icaourense.gal\/gl\/xunta-de-goberno\/","title":{"rendered":"Xunta de Goberno"},"content":{"rendered":"<div class=\"wp-block-image\">\n<figure class=\"aligncenter size-large\"><img loading=\"lazy\" decoding=\"async\" width=\"1024\" height=\"441\" src=\"http:\/\/icaourense.gal\/wp-content\/uploads\/2025\/06\/XG0425-1024x441.jpg\" alt=\"\" class=\"wp-image-326\" srcset=\"https:\/\/icaourense.gal\/wp-content\/uploads\/2025\/06\/XG0425-1024x441.jpg 1024w, https:\/\/icaourense.gal\/wp-content\/uploads\/2025\/06\/XG0425-300x129.jpg 300w, https:\/\/icaourense.gal\/wp-content\/uploads\/2025\/06\/XG0425-768x331.jpg 768w, https:\/\/icaourense.gal\/wp-content\/uploads\/2025\/06\/XG0425-1536x662.jpg 1536w, https:\/\/icaourense.gal\/wp-content\/uploads\/2025\/06\/XG0425-139x60.jpg 139w, https:\/\/icaourense.gal\/wp-content\/uploads\/2025\/06\/XG0425.jpg 1599w\" sizes=\"auto, (max-width: 1024px) 100vw, 1024px\" \/><\/figure>\n<\/div>\n\n\n<p><\/p>\n\n\n\n<h4 class=\"wp-block-heading\">Decana<\/h4>\n\n\n\n<p>D\u00aa. Marta G\u00f3mez \u00c1lvarez<\/p>\n\n\n\n<h4 class=\"wp-block-heading\">Vicedecana<\/h4>\n\n\n\n<p>D\u00aa. Margarita Caneiro Gonz\u00e1lez<\/p>\n\n\n\n<h4 class=\"wp-block-heading\">Secretaria<\/h4>\n\n\n\n<p>D\u00aa. Mar\u00eda Teresa Otero Mart\u00ednez<\/p>\n\n\n\n<h4 class=\"wp-block-heading\">Tesoureira<\/h4>\n\n\n\n<p>D\u00aa. Victoria Eugenia Di\u00e9guez Guerrero<\/p>\n\n\n\n<h4 class=\"wp-block-heading\">Bibliotecaria<\/h4>\n\n\n\n<p>D\u00aa. Mar\u00eda Jos\u00e9 Rodr\u00edguez Calabria<\/p>\n\n\n\n<h4 class=\"wp-block-heading\">Vogal 2\u00aa<\/h4>\n\n\n\n<p>D\u00aa. Concepci\u00f3n G\u00f3mez P\u00e9rez-Selas<\/p>\n\n\n\n<h4 class=\"wp-block-heading\">Vogal 3\u00aa<\/h4>\n\n\n\n<p>D\u00aa. Sonia Jim\u00e9nez Garc\u00eda<\/p>\n\n\n\n<h4 class=\"wp-block-heading\">Vogal 4\u00aa<\/h4>\n\n\n\n<p>D\u00aa. Manuela Fern\u00e1ndez Cougil<\/p>\n\n\n\n<h4 class=\"wp-block-heading\">Vogal 5\u00ba<\/h4>\n\n\n\n<p>D\u00aa. Pilar Pazos Alzugaray<\/p>\n\n\n\n<h4 class=\"wp-block-heading\">Vogal 6\u00ba:<\/h4>\n\n\n\n<p>D. Roi Ant\u00f3n Dea\u00f1o Fern\u00e1ndez<\/p>","protected":false},"excerpt":{"rendered":"<p>Decana D\u00aa. Marta G\u00f3mez \u00c1lvarez Vicedecana D\u00aa. Margarita Caneiro Gonz\u00e1lez Secretaria D\u00aa. Mar\u00eda Teresa Otero Mart\u00ednez Tesorera D\u00aa. Victoria Eugenia Di\u00e9guez Guerrero Bibliotecaria D\u00aa. Mar\u00eda Jos\u00e9 Rodr\u00edguez Calabria Vocal 2\u00aa D\u00aa. Concepci\u00f3n G\u00f3mez P\u00e9rez-Selas Vocal 3\u00aa D\u00aa. Sonia Jim\u00e9nez Garc\u00eda Vocal 4\u00aa D\u00aa. Manuela Fern\u00e1ndez Cougil Vocal 5\u00ba D\u00aa. Pilar Pazos Alzugaray Vocal 6\u00ba D. &hellip; <\/p>","protected":false},"author":1,"featured_media":0,"parent":0,"menu_order":0,"comment_status":"closed","ping_status":"closed","template":"","meta":{"footnotes":""},"class_list":["post-348","page","type-page","status-publish","hentry"],"_links":{"self":[{"href":"https:\/\/icaourense.gal\/gl\/wp-json\/wp\/v2\/pages\/348","targetHints":{"allow":["GET"]}}],"collection":[{"href":"https:\/\/icaourense.gal\/gl\/wp-json\/wp\/v2\/pages"}],"about":[{"href":"https:\/\/icaourense.gal\/gl\/wp-json\/wp\/v2\/types\/page"}],"author":[{"embeddable":true,"href":"https:\/\/icaourense.gal\/gl\/wp-json\/wp\/v2\/users\/1"}],"replies":[{"embeddable":true,"href":"https:\/\/icaourense.gal\/gl\/wp-json\/wp\/v2\/comments?post=348"}],"version-history":[{"count":5,"href":"https:\/\/icaourense.gal\/gl\/wp-json\/wp\/v2\/pages\/348\/revisions"}],"predecessor-version":[{"id":889,"href":"https:\/\/icaourense.gal\/gl\/wp-json\/wp\/v2\/pages\/348\/revisions\/889"}],"wp:attachment":[{"href":"https:\/\/icaourense.gal\/gl\/wp-json\/wp\/v2\/media?parent=348"}],"curies":[{"name":"wp","href":"https:\/\/api.w.org\/{rel}","templated":true}]}}