{"id":337,"date":"2025-06-17T12:50:33","date_gmt":"2025-06-17T10:50:33","guid":{"rendered":"http:\/\/icaourense.gal\/?page_id=337"},"modified":"2026-01-02T19:27:39","modified_gmt":"2026-01-02T18:27:39","slug":"requisitos-e-documentacion","status":"publish","type":"page","link":"https:\/\/icaourense.gal\/gl\/requisitos-e-documentacion\/","title":{"rendered":"Requisitos e documentaci\u00f3n"},"content":{"rendered":"<h3 class=\"wp-block-heading\">De conformidade co artigo 7\u00ba, primeiro par\u00e1grafo (Estatuto Xeral da Avogac\u00eda Espa\u00f1ola)<\/h3>\n\n\n\n<p>O t\u00edtulo oficial que habilite para o exercicio da profesi\u00f3n da Avogac\u00eda e a incorporaci\u00f3n ao Colexio do domicilio profesional, \u00fanico ou principal, ser\u00e1n requisitos imprescindibles para exercer a Avogac\u00eda. Presumirase como domicilio principal aquel no que se atope o despacho profesional principal ou \u00fanico no territorio espa\u00f1ol ou, na s\u00faa falta, o domicilio persoal en Espa\u00f1a. A colexiaci\u00f3n como exercentes habilita para exercer en todo o territorio do Estado.<\/p>\n\n\n\n<h3 class=\"wp-block-heading\">De conformidade co artigo 15\u00ba (Estatuto do Ilustre Colexio da Avogac\u00eda de Ourense)<\/h3>\n\n\n\n<p>Para pertencer ao Colexio da Avogac\u00eda de Ourense ser\u00e1 necesario cumprir cos requisitos esixidos pola lexislaci\u00f3n estatal e, se procede, pola auton\u00f3mica, polo Estatuto Xeral da Avogac\u00eda Espa\u00f1ola e demais normas aplicables; solicitar a incorporaci\u00f3n ao Colexio e aboar os dereitos de incorporaci\u00f3n establecidos.<\/p>\n\n\n\n<p>A incorporaci\u00f3n de novos\/as colexiados\/as realizarase a trav\u00e9s do servizo administrativo da secretar\u00eda do Colexio, situada na sede central do Ilustre Colexio da Avogac\u00eda de Ourense (R\u00faa Concello, 22), onde se atenden as solicitudes de novas incorporaci\u00f3ns (tanto exercentes como non exercentes), as\u00ed como as incorporaci\u00f3ns de colexiados\/as procedentes doutros pa\u00edses da UE e de pa\u00edses extracomunitarios.<\/p>\n\n\n\n<h3 class=\"wp-block-heading\">Horario de atenci\u00f3n:<\/h3>\n\n\n\n<ul class=\"wp-block-list\">\n<li class=\"translation-block\"><strong>Invierno:<\/strong> de 9:00 a 14:00 horas e de 16:30 a 19:30 horas de luns a venres<\/li>\n\n\n\n<li class=\"translation-block\"><strong>Verano:<\/strong> de 9:00 a 13:30 horas de luns a venres<\/li>\n<\/ul>\n\n\n\n<p class=\"translation-block\"><strong>Departamento de altas colegiales:<\/strong><br>Juan Luis \u00c1lvarez Soto<br>Tlf: 988.210.076 <br>Correo: secretaria@icaourense.gal<\/p>\n\n\n\n<hr class=\"wp-block-separator has-alpha-channel-opacity\"\/>\n\n\n\n<h3 class=\"wp-block-heading\">ALTA COMO EXERCENTE<\/h3>\n\n\n\n<h4 class=\"wp-block-heading\">1. Solicitude escrita dirixida \u00e1 Excma. Sra. Decana do Ilustre Colexio da Avogac\u00eda de Ourense, que deber\u00e1 inclu\u00edr<\/h4>\n\n\n\n<p>1.1 Se se solicita a alta como exercente e non exercente<br>1.2. Se pertence ou pertenceu a outros Colexios da Avogac\u00eda, indicando os per\u00edodos correspondentes.<br>1.3. Declaraci\u00f3n responsable da inexistencia de causas de incompatibilidade segundo o Estatuto Xeral da Avogac\u00eda.<br>1.4. Folla cumprimentada cos datos persoais do\/a solicitante.<\/p>\n\n\n\n<hr class=\"wp-block-separator has-alpha-channel-opacity\"\/>\n\n\n\n<h4 class=\"wp-block-heading\">2. Documentaci\u00f3n requerida:<\/h4>\n\n\n\n<p class=\"translation-block\">2.1. <strong>T\u00edtulo de Licenciatura ou Grao en Dereito.<\/strong><br>A) T\u00edtulo profesional de Avogado\/a regulado na Lei 34\/2006, de 30 de outubro.<br>B) Para licenciados\/as en Dereito con posterioridade ao 31 de outubro de 2011:<\/p>\n\n\n\n<ul class=\"wp-block-list\">\n<li>B.a) T\u00edtulo de licenciatura con menci\u00f3n expresa con data de finalizaci\u00f3n dos estudos.<\/li>\n\n\n\n<li>B.b) Se non se disp\u00f3n a\u00ednda do t\u00edtulo, p\u00f3dese presentar unha certificaci\u00f3n acad\u00e9mica coa data de finalizaci\u00f3n e xustificante do pagamento para a s\u00faa expedici\u00f3n.<\/li>\n<\/ul>\n\n\n\n<blockquote class=\"wp-block-quote is-layout-flow wp-block-quote-is-layout-flow\">\n<p><strong>Nota<\/strong>: A documentaci\u00f3n debe presentarse orixinal ou compulsada notarialmente.<\/p>\n<\/blockquote>\n\n\n\n<ol start=\"3\" class=\"wp-block-list\">\n<li class=\"translation-block\"><strong>Certificado de antecedentes penais<\/strong> (a trav\u00e9s do Rexistro Civil ou a web: <a target=\"_self\">www.mjusticia.gob.es<\/a>)<\/li>\n\n\n\n<li><strong>Anta no RETA (R\u00e9xime de Aut\u00f3nomos)<\/strong> o en<strong> la Mutualidad de la Abogac\u00eda Espa\u00f1ola o <\/strong><\/li>\n<\/ol>\n\n\n\n<blockquote class=\"wp-block-quote is-layout-flow wp-block-quote-is-layout-flow\">\n<p>Se se elixe o RETA, esta elecci\u00f3n \u00e9 irreversible. Se se traballa por conta allea, deber\u00e1 presentarse un certificado da empresa que acredite a contrataci\u00f3n como avogado\/a con dedicaci\u00f3n exclusiva e o n\u00famero de afiliaci\u00f3n \u00e1 Seguridade Social.<\/p>\n<\/blockquote>\n\n\n\n<ol start=\"5\" class=\"wp-block-list\">\n<li><strong>Alta no Imposto de Actividade Econ\u00f3mica<\/strong><\/li>\n\n\n\n<li class=\"translation-block\"><strong>Certificado do Consello Xeral da Avogac\u00eda Espa\u00f1ola<\/strong> sobre os antecedentes do solicitante.<\/li>\n<\/ol>\n\n\n\n<blockquote class=\"wp-block-quote is-layout-flow wp-block-quote-is-layout-flow\">\n<p class=\"translation-block\">Pode solicitarse a trav\u00e9s do Colexio tras o <strong>pago de 165,95 \u20ac<\/strong> na conta bancaria que deber\u00e1 solicitar ao propio Colexio.<\/p>\n<\/blockquote>\n\n\n\n<ol start=\"7\" class=\"wp-block-list\">\n<li class=\"translation-block\"><strong>Declaraci\u00f3n xurada<\/strong> sobre se exerce ou non funci\u00f3ns na Administraci\u00f3n. Se as exerce, debe indicar a naturaleza, categor\u00eda e aportar certificaci\u00f3n de non incurrir en incompatibilidade.<\/li>\n\n\n\n<li class=\"translation-block\">Duas <strong>fotograf\u00edas tama\u00f1o carn\u00e9.<\/strong><\/li>\n\n\n\n<li class=\"translation-block\">Pago de <strong>400 \u20ac en concepto de derechos de incorporaci\u00f3n.<\/strong><\/li>\n\n\n\n<li class=\"translation-block\"><strong>Seguro de Responsabilidade Civil<\/strong> (obrigatorio).<\/li>\n<\/ol>\n\n\n\n<blockquote class=\"wp-block-quote is-layout-flow wp-block-quote-is-layout-flow\">\n<p>Desde a data de incorporaci\u00f3n ata abril, est\u00e1 cuberto de xeito gratu\u00edto. A partir de abril, x\u00edrase a prima anual (de abril a abril) na conta facilitada.<\/p>\n<\/blockquote>\n\n\n\n<hr class=\"wp-block-separator has-alpha-channel-opacity\"\/>\n\n\n\n<h3 class=\"wp-block-heading\">ALTA COMO NON EXERCENTE<\/h3>\n\n\n\n<p class=\"translation-block\">Presentarase <strong> a mesma documentaci\u00f3n<\/strong> que para exercente, <strong>salvo nos seguintes aspectos: <\/strong><\/p>\n\n\n\n<ul class=\"wp-block-list\">\n<li class=\"translation-block\"><strong>Punto 1:<\/strong> Non \u00e9 preciso completar os apartados 1.2 e 1.3<\/li>\n\n\n\n<li><strong>Punto 4:<\/strong> Opcional<\/li>\n\n\n\n<li><strong>Punto 5:<\/strong> Exento<\/li>\n\n\n\n<li class=\"translation-block\"><strong>Punto 6:<\/strong> O certificado do CGAE costa <strong>101,58 \u20ac<\/strong><\/li>\n\n\n\n<li><strong>Punto 7:<\/strong> Exento<\/li>\n\n\n\n<li class=\"translation-block\"><strong>Punto 9:<\/strong> Os dereitos de incorporaci\u00f3n son de <strong>275 \u20ac<\/strong><\/li>\n\n\n\n<li><strong>Punto 10:<\/strong> Exento<\/li>\n<\/ul>\n\n\n\n<hr class=\"wp-block-separator has-alpha-channel-opacity\"\/>\n\n\n\n<h3 class=\"wp-block-heading\">CAMBIO DE NON EXERCENTE A EXERCENTE<\/h3>\n\n\n\n<p>Se xa foron exercentes no Ilustre Colexio da Avogac\u00eda de Ourense, deber\u00e1n acreditar:<\/p>\n\n\n\n<ul class=\"wp-block-list\">\n<li>Alta no IAE<\/li>\n\n\n\n<li>Alta no RETA ou Mutualidade da Abogac\u00eda<\/li>\n\n\n\n<li>Certificado de carecer de antecedentes penais<\/li>\n\n\n\n<li>Certificado do Consello Xeral da Avogac\u00eda Espa\u00f1ola<\/li>\n<\/ul>\n\n\n\n<hr class=\"wp-block-separator has-alpha-channel-opacity\"\/>\n\n\n\n<h3 class=\"wp-block-heading\">FORMA DE PAGO<\/h3>\n\n\n\n<p>Pode po\u00f1erse en contacto co Colexio a trav\u00e9s do correo secretaria@icaourense.gal para informarse dos datos bancarios e proceder ao pagamento.<\/p>\n\n\n\n<hr class=\"wp-block-separator has-alpha-channel-opacity\"\/>\n\n\n\n<h3 class=\"wp-block-heading\">LETRADOS\/AS PROCEDENTES DOUTROS COLEXIOS<\/h3>\n\n\n\n<ol class=\"wp-block-list\">\n<li>Solicitude escrita dirixida \u00e1 Excma. Sra. Decana solicitando a alta.<\/li>\n\n\n\n<li>Certificaci\u00f3n do Colexio de orixe indicando a data de incorporaci\u00f3n e os cambios de situaci\u00f3n colexial. Se procede de f\u00f3ra de Galicia, deber\u00e1 acreditar o importe aboado en concepto de dereitos de incorporaci\u00f3n.<\/li>\n\n\n\n<li>Certificado do Consello Xeral da Avogac\u00eda.<\/li>\n\n\n\n<li class=\"translation-block\">Folla con <strong>datos personais e bancarios<\/strong> para domiciliaci\u00f3n de cuotas.<\/li>\n\n\n\n<li>Xustificante de estar dado\/a de alta no RETA ou na Mutualide.<\/li>\n<\/ol>\n\n\n\n<blockquote class=\"wp-block-quote is-layout-flow wp-block-quote-is-layout-flow\">\n<p>Se \u00e9 exercente por conta allea, deber\u00e1 presentar un certificado da empresa que acredite a contrataci\u00f3n exclusiva como avogado\/a e indique o n\u00famero de afiliaci\u00f3n \u00e1 Seguridade Social.<\/p>\n<\/blockquote>\n\n\n\n<div class=\"wp-block-file\"><a id=\"wp-block-file--media-023a9e9b-3a48-41f4-ad44-d6fcb3217127\" href=\"http:\/\/icaourense.gal\/wp-content\/uploads\/2025\/07\/2025.01_NI-Solicitud_Certificado_EJERCIENTE-Primera-Colegiacion-1.pdf\" target=\"_blank\" rel=\"noreferrer noopener\">Certificado Colexiaci\u00f3n Exercente. Primeira Colexiaci\u00f3n<\/a><\/div>\n\n\n\n<div class=\"wp-block-file\"><a id=\"wp-block-file--media-0858d8c3-4f61-4a76-9719-da0ed70c0ae4\" href=\"http:\/\/icaourense.gal\/wp-content\/uploads\/2025\/07\/2025.01_NE-Solicitud_Certificado_NO-EJERCIENTE-Primera-Colegiacion.pdf\" target=\"_blank\" rel=\"noreferrer noopener\">Certificado Colexiaci\u00f3n Non Exercente<\/a><\/div>\n\n\n\n<div class=\"wp-block-file\"><a id=\"wp-block-file--media-72b9b617-affd-46af-aaea-aa4bc14c966b\" href=\"http:\/\/icaourense.gal\/wp-content\/uploads\/2025\/07\/2025.01_C2-Solicitud_Certificado_ORDINARIO-Cambio-de-Colegio-por-Residencia-Profesional.pdf\" target=\"_blank\" rel=\"noreferrer noopener\">Cambio de Colexio por Cambio de Residencia Profesional<\/a><\/div>\n\n\n\n<div class=\"wp-block-file\"><a id=\"wp-block-file--media-0ef0fd0d-0841-4db9-b121-37b7820585c7\" href=\"http:\/\/icaourense.gal\/wp-content\/uploads\/2025\/07\/2025.01_CA-Solicitud_Certificado_CAMBIO-DE-SITUACION-A-EJERCIENTE-Primer-Cambio.pdf\" target=\"_blank\" rel=\"noreferrer noopener\">Cambio de Situaci\u00f3n Colexial a Exercente<\/a><\/div>\n\n\n\n<div class=\"wp-block-file\"><a id=\"wp-block-file--media-79d8ceb9-2f78-4226-8b8a-fa692ab6ff29\" href=\"http:\/\/icaourense.gal\/wp-content\/uploads\/2025\/06\/1664467383___Declaracion_responsable_TO.pdf\" target=\"_blank\" rel=\"noreferrer noopener\">Declaraci\u00f3n Responsable<\/a><\/div>\n\n\n\n<div class=\"wp-block-file\"><a id=\"wp-block-file--media-fa2920b8-b7c6-487e-8567-cc33cf5a9df9\" href=\"http:\/\/icaourense.gal\/wp-content\/uploads\/2025\/07\/2025.01_C1-Solicitud_Certificado_ORDINARIO-Segundas-y-siguientes-Colegiaciones.pdf\" target=\"_blank\" rel=\"noreferrer noopener\">Segundas e Seguintes Colexiaci\u00f3ns Exercentes e Non Exercentes<\/a><\/div>\n\n\n\n<div class=\"wp-block-file\"><a id=\"wp-block-file--media-f190f7ed-9510-4eac-bd4c-3f4bcdc8fe26\" href=\"http:\/\/icaourense.gal\/wp-content\/uploads\/2025\/06\/Datos-personales.pdf\" target=\"_blank\" rel=\"noreferrer noopener\">Datos persoais<\/a><\/div>\n\n\n\n<div class=\"wp-block-file\"><a id=\"wp-block-file--media-7802beea-5c17-4977-9e32-bae219db64c7\" href=\"http:\/\/icaourense.gal\/wp-content\/uploads\/2025\/06\/Orden-de-domiciliacion.pdf\" target=\"_blank\" rel=\"noreferrer noopener\">Orden de Domiciliaci\u00f3n<\/a><\/div>\n\n\n\n<div class=\"wp-block-file\"><a id=\"wp-block-file--media-354e4687-e7bf-48fb-a4d4-899598172ebd\" href=\"http:\/\/icaourense.gal\/wp-content\/uploads\/2025\/06\/Solicitude-colexiacion.pdf\" target=\"_blank\" rel=\"noreferrer noopener\">Solicitude de Colexiaci\u00f3n<\/a><\/div>","protected":false},"excerpt":{"rendered":"<p>De conformidad con el art\u00edculo 7\u00ba, primer p\u00e1rrafo (Estatuto General de la Abogac\u00eda Espa\u00f1ola) El t\u00edtulo oficial que habilite para el ejercicio de la profesi\u00f3n de la Abogac\u00eda y la incorporaci\u00f3n al Colegio del domicilio profesional, \u00fanico o principal, ser\u00e1n requisitos imprescindibles para ejercer la Abogac\u00eda. Se presumir\u00e1 como domicilio principal aquel en el que &hellip; <\/p>","protected":false},"author":1,"featured_media":0,"parent":0,"menu_order":0,"comment_status":"closed","ping_status":"closed","template":"","meta":{"footnotes":""},"class_list":["post-337","page","type-page","status-publish","hentry"],"_links":{"self":[{"href":"https:\/\/icaourense.gal\/gl\/wp-json\/wp\/v2\/pages\/337","targetHints":{"allow":["GET"]}}],"collection":[{"href":"https:\/\/icaourense.gal\/gl\/wp-json\/wp\/v2\/pages"}],"about":[{"href":"https:\/\/icaourense.gal\/gl\/wp-json\/wp\/v2\/types\/page"}],"author":[{"embeddable":true,"href":"https:\/\/icaourense.gal\/gl\/wp-json\/wp\/v2\/users\/1"}],"replies":[{"embeddable":true,"href":"https:\/\/icaourense.gal\/gl\/wp-json\/wp\/v2\/comments?post=337"}],"version-history":[{"count":13,"href":"https:\/\/icaourense.gal\/gl\/wp-json\/wp\/v2\/pages\/337\/revisions"}],"predecessor-version":[{"id":1401,"href":"https:\/\/icaourense.gal\/gl\/wp-json\/wp\/v2\/pages\/337\/revisions\/1401"}],"wp:attachment":[{"href":"https:\/\/icaourense.gal\/gl\/wp-json\/wp\/v2\/media?parent=337"}],"curies":[{"name":"wp","href":"https:\/\/api.w.org\/{rel}","templated":true}]}}