{"id":3,"date":"2025-06-12T13:52:48","date_gmt":"2025-06-12T11:52:48","guid":{"rendered":"http:\/\/icaourense.gal\/?page_id=3"},"modified":"2025-08-06T13:32:25","modified_gmt":"2025-08-06T11:32:25","slug":"politica-privacidad","status":"publish","type":"page","link":"https:\/\/icaourense.gal\/gl\/politica-privacidad\/","title":{"rendered":"Pol\u00edtica de privacidade"},"content":{"rendered":"<p>No ILUSTRE COLEXIO DA AVOGAC\u00cdA DE OURENSE preocup\u00e1monos pola privacidade e a transparencia. A continuaci\u00f3n, indic\u00e1moslle en detalle o tratamento de datos persoais que realizamos, as\u00ed como toda a informaci\u00f3n relativa aos mesmos.<\/p>\n\n\n\n<p><strong>Tratamento de datos<\/strong><\/p>\n\n\n\n<figure class=\"wp-block-table\"><table class=\"has-fixed-layout\"><tbody><tr><td><strong>Informaci\u00f3n b\u00e1sica sobre Protecci\u00f3n de Datos<\/strong><\/td><\/tr><tr><td>Responsable<\/td><td>ILUSTRE COLEXIO DA AVOGAC\u00cdA DE OURENSE<\/td><\/tr><tr><td>Finalidade:<\/td><td>Prestar os servizos solicitados<\/td><\/tr><tr><td>Lexitimaci\u00f3n:<\/td><td>Ejecuci\u00f3n de un contrato.<br>Inter\u00e9s leg\u00edtimo del Responsable.<\/td><\/tr><tr><td>Destinatarios:<\/td><td>Est\u00e1n previstas cesiones de datos a: Administraci\u00f3n Tributaria; Entidades financieras.<\/td><\/tr><tr><td>Dereitos:<\/td><td>Tiene derecho a acceder, rectificar y suprimir los datos, as\u00ed como otros derechos, indicados en la informaci\u00f3n adicional, que puede ejercer dirigi\u00e9ndose a la direcci\u00f3n del responsable del tratamiento de\u00a0<strong>\u00a0<\/strong>direcci\u00f3n R\u00faa Concello, 22 Bajo 32002. Ourense. Espa\u00f1a.<\/td><\/tr><tr><td>Procedencia:<\/td><td>Propio interesado<\/td><\/tr><\/tbody><\/table><\/figure>\n\n\n\n<p><strong>Informaci\u00f3n completa sobre Protecci\u00f3n de Datos<\/strong><\/p>\n\n\n\n<p><strong>\u00bfQuen \u00e9 o responsable do tratamento dos seus datos?<\/strong><\/p>\n\n\n\n<p class=\"translation-block\">ILUSTRE COLEXIO DA AVOGAC\u00cdA DE OURENSE (ICA OURENSE)<br>CIF: Q3263001D<br>Direcci\u00f3n: R\u00faa Concello, 22 Bajo 32002 Ourense<br>Delegada de Protecci\u00f3n de Datos (DPD): Dna. Delia P\u00e9rez<br>Contacto Email: secretaria@icaourense.gal<\/p>\n\n\n\n<p><strong>2. Con que finalidade tratamos os seus datos persoais?<\/strong><\/p>\n\n\n\n<p>Facilitar a xesti\u00f3n propia do ICA OURENSE e o env\u00edo, atenci\u00f3n ou contacto con persoas interesadas en xeral e\/ou colexiados, as\u00ed como atender solicitudes de informaci\u00f3n. Facilitar informaci\u00f3n sobre novas de interese, lexislaci\u00f3n, formaci\u00f3n e, en xeral, calquera actividade na que participe o ICA OURENSE na s\u00faa organizaci\u00f3n ou considere conveniente po\u00f1er en co\u00f1ecemento dos seus membros.\nOutras actuaci\u00f3ns incl\u00faen a publicaci\u00f3n da listaxe profesional dos membros do ICA OURENSE e a realizaci\u00f3n de cantas actividades sexan de interese para os colexiados.\nXesti\u00f3n de consultas e solicitudes de informaci\u00f3n por parte de profesionais colexiados, xesti\u00f3n das funci\u00f3ns legalmente previstas e env\u00edo de informaci\u00f3n colexial; xesti\u00f3n da cota colexial, listaxes de colexiados e publicaci\u00f3ns; env\u00edo de informaci\u00f3n relacionada co interese profesional, seguros asociados \u00e1 colexiaci\u00f3n, ditames sobre honorarios, \u00f3rganos xudiciais; xesti\u00f3n das potestades de ordenaci\u00f3n profesional atribu\u00eddas por lei aos colexios profesionais como Corporaci\u00f3ns de Dereito P\u00fablico, co fin de protexer os intereses da cidadan\u00eda.\nXesti\u00f3n da prestaci\u00f3n de servizos ofertados polo Colexio: Defensa da Avogac\u00eda, Biblioteca, Consultas procesuais e de documentaci\u00f3n, Escola Pr\u00e1ctica Xur\u00eddica, Centro de Estudos e plans de formaci\u00f3n, Correo electr\u00f3nico @icaourense.com, Mediaci\u00f3ns Decanais, Convenios con Administraci\u00f3ns e provedores de servizos, Asistencia Xur\u00eddica Gratuita, Quenda de poderes APUD, Agrupaci\u00f3n de X\u00f3venes Avogados, entre outros servizos.<\/p>\n\n\n\n<p><strong>Por canto tempo conservaremos os seus datos?<\/strong><\/p>\n\n\n\n<p>\u00danicamente se levar\u00e1 a cabo o tratamento durante o tempo necesario para a correcta xesti\u00f3n dos servizos a usuarios do ICA Ourense e a correspondente ordenaci\u00f3n profesional.<\/p>\n\n\n\n<p><strong>4. Cal \u00e9 a lexitimaci\u00f3n para o tratamento dos seus datos?<\/strong><\/p>\n\n\n\n<p>O tratamento de datos levado a cabo polo ICA OURENSE bas\u00e9ase nos seguintes fundamentos xur\u00eddicos:<\/p>\n\n\n\n<ul class=\"wp-block-list\">\n<li class=\"translation-block\">Artigo 6.1.a do RGPD. O\/a interesado\/a ou usuario\/a presta o seu consentimento inequ\u00edvoco para o tratamento de datos ao solicitar servizos, no marco da propia relaci\u00f3n entre o colexio e o colexiado e\/ou usuario, as\u00ed como para recibir informaci\u00f3n sobre os servizos prestados polo colexio ou sobre informaci\u00f3n colexial de interese para o colexiado e\/ou usuario:\n\nResposta a solicitudes de informaci\u00f3n a trav\u00e9s do formulario de contacto.\n\nPrestaci\u00f3n de servizos aos colexiados.\n\nXesti\u00f3n da relaci\u00f3n cos colexiados, inclu\u00edndo comunicaci\u00f3ns v\u00eda telef\u00f3nica ou por correo electr\u00f3nico en relaci\u00f3n cos servizos solicitados previamente ou aquelas necesarias no marco da relaci\u00f3n \u201ccolexio-colexiados\u201d ou \u201ccolexio-usuarios\u201d.<\/li>\n\n\n\n<li>Artigo 6.1.c do RGPD. O tratamento \u00e9 necesario para o cumprimento dunha obriga legal aplicable ao responsable do tratamento.<\/li>\n\n\n\n<li class=\"translation-block\">Artigo 6.1.f do RGPD. O tratamento \u00e9 necesario para a satisfacci\u00f3n de intereses lex\u00edtimos perseguidos polo responsable do tratamento ou por un terceiro, como o env\u00edo de bolet\u00edns informativos (newsletters), as\u00ed como comunicaci\u00f3ns con informaci\u00f3n relativa a actividades e\/ou promocionais do colexio. (Opcional)<\/li>\n<\/ul>\n\n\n\n<p>Polo tanto, as bases xur\u00eddicas do tratamento poder\u00edan estar amparadas en:\nO propio consentimento inequ\u00edvoco outorgado polo\/a usuario\/a ao aceptar as \u201cCondici\u00f3ns e Termos\u201d ou ao contactar mediante o rexistro de usuario e solicitar informaci\u00f3n, as\u00ed como aquelas que poidan estar amparadas nos propios Estatutos do ICA OURENSE, na execuci\u00f3n dun contrato, nas obrigas legais, no interese lex\u00edtimo e no cumprimento de intereses p\u00fablicos, como pode ser o cumprimento dunha obriga legal conforme \u00e1 Lei de Colexios Profesionais; tam\u00e9n polo interese lex\u00edtimo do propio responsable segundo as s\u00faas competencias e\/ou polo acordo contractual establecido.<\/p>\n\n\n\n<p>Lembre que, no caso de non facilitar os datos necesarios requiridos ou de facelo de forma err\u00f3nea ou incompleta, non poderemos atender a s\u00faa solicitude, resultando totalmente imposible proporcionar a informaci\u00f3n solicitada ou prestar o servizo requirido.<\/p>\n\n\n\n<p><strong>5. A que destinatarios se comunicar\u00e1n os seus datos?<\/strong><\/p>\n\n\n\n<p>Non est\u00e1n previstas cesi\u00f3ns a terceiros, ag\u00e1s aquelas estritamente necesarias: Consello Xeral da Avogac\u00eda Espa\u00f1ola, Consello da Avogac\u00eda Galega, aseguradoras e outras esixencias legais.<\/p>\n\n\n\n<p><strong>6. Transferencias de datos a terceiros pa\u00edses<\/strong><\/p>\n\n\n\n<p>Non est\u00e1n previstas transferencias de datos a terceiros pa\u00edses.<\/p>\n\n\n\n<p><strong>7. Cales son os seus dereitos cando nos facilita os seus datos?<\/strong><\/p>\n\n\n\n<p>Calquera persoa ten dereito a obter confirmaci\u00f3n sobre se no ILUSTRE COLEXIO DA AVOGAC\u00cdA DE OURENSE estamos a tratar, ou non, datos persoais que a ela concirnan.<\/p>\n\n\n\n<p>As persoas interesadas te\u00f1en dereito a acceder aos seus datos persoais, as\u00ed como a solicitar a rectificaci\u00f3n dos datos inexactos ou, se \u00e9 o caso, solicitar a s\u00faa supresi\u00f3n cando, entre outros motivos, os datos xa non sexan necesarios para os fins para os que foron recollidos. Igualmente, te\u00f1en dereito \u00e1 portabilidade dos seus datos.<\/p>\n\n\n\n<p>En determinadas circunstancias, os interesados poder\u00e1n solicitar a limitaci\u00f3n do tratamento dos seus datos, no que caso s\u00f3 os conservaremos para o exercicio ou a defensa de reclamaci\u00f3ns.<\/p>\n\n\n\n<p>En determinadas circunstancias y por motivos relacionados con su situaci\u00f3n particular, los interesados podr\u00e1n oponerse al tratamiento de sus datos. En este caso, ILUSTRE COLEXIO DA AVOGAC\u00cdA DE OURENSE dejar\u00e1 de tratar los datos, salvo por motivos leg\u00edtimos imperiosos, o el ejercicio o la defensa de posibles reclamaciones.<\/p>\n\n\n\n<p>Poder\u00e1 exercer materialmente os seus dereitos da seguinte forma: dirix\u00edndose ao enderezo do responsable do tratamento.<\/p>\n\n\n\n<p>Cando se realice o env\u00edo de comunicaci\u00f3ns comerciais utilizando como base xur\u00eddica o interese lex\u00edtimo do responsable, o interesado poder\u00e1 opo\u00f1erse ao tratamento dos seus datos con ese fin.<\/p>\n\n\n\n<p>Se concedeu o seu consentimento para algunha finalidade concreta, ten dereito a retirar o consentimento concedido en calquera momento, sen que iso afecte \u00e1 licitude do tratamento baseado no consentimento previo \u00e1 s\u00faa retirada.<\/p>\n\n\n\n<p>No caso de que considere vulnerados os seus dereitos en relaci\u00f3n coa protecci\u00f3n dos seus datos persoais, especialmente se non obtivo satisfacci\u00f3n no exercicio dos seus dereitos, pode presentar unha reclamaci\u00f3n ante a Autoridade de Control en materia de Protecci\u00f3n de Datos competente a trav\u00e9s do seu sitio web: www.aepd.es.<\/p>\n\n\n\n<p class=\"translation-block\">Para o exercicio dos dereitos poder\u00e1 facelo de forma presencial ou por correo postal ante o ICA OURENSE na R\u00faa Concello, 22 Baixo (32002) Ourense (ES), as\u00ed como a trav\u00e9s do correo electr\u00f3nico secretaria@icaourense.gal, dirixindo as devanditas solicitudes \u00e1 Delegada de Protecci\u00f3n de Datos, facendo referencia ao dereito que pretende exercer e achegando copia do seu DNI\/NIF ou documento que o identifique e\/ou do seu representado (se fose o caso). Tam\u00e9n poder\u00e1 presentar as solicitudes a trav\u00e9s da Sede Electr\u00f3nica http:\/\/91.116.72.6:8080\/ ou ben envialas conforme ao previsto no artigo 16.4 da Lei 39\/2015, do 1 de outubro.\nAs persoas interesadas poder\u00e1n exercer os dereitos de acceso, rectificaci\u00f3n, portabilidade e supresi\u00f3n dos datos, limitaci\u00f3n e oposici\u00f3n ao seu tratamento, as\u00ed como a non seren obxecto de decisi\u00f3ns baseadas unicamente no tratamento automatizado. Tam\u00e9n poder\u00e1n revogar o consentimento outorgado e presentar unha reclamaci\u00f3n ante as Autoridades de Control: www.agpd.es.<\/p>\n\n\n\n<p><strong>8. Como obtivemos os seus datos?<\/strong><\/p>\n\n\n\n<p>Os datos persoais que tratamos no ILUSTRE COLEXIO DA AVOGAC\u00cdA DE OURENSE proceden do: propio interesado.<\/p>\n\n\n\n<p class=\"translation-block\">As categor\u00edas de datos que se tratan son:<br>\u2022 Datos identificativos.<br>\u2022 Direcci\u00f3ns postais e electr\u00f3nicas.<br>\u2022 Datos econ\u00f3micos.<\/p>\n\n\n\n<p>Non se tratan categor\u00edas especiais de datos persoais (son aqueles datos que revelan a orixe \u00e9tnica ou racial, as opini\u00f3ns pol\u00edticas, as convicci\u00f3ns relixiosas ou filos\u00f3ficas, ou a afiliaci\u00f3n sindical, datos xen\u00e9ticos, datos biom\u00e9tricos destinados a identificar de xeito un\u00edvoco a unha persoa f\u00edsica, datos relacionados coa sa\u00fade ou datos relativos \u00e1 vida sexual ou \u00e1 orientaci\u00f3n sexual dunha persoa f\u00edsica).<\/p>","protected":false},"excerpt":{"rendered":"<p>En ILUSTRE COLEXIO DA AVOGAC\u00cdA DE OURENSE nos preocupamos por la privacidad y la transparencia. A continuaci\u00f3n, le indicamos en detalle los tratamientos de datos personales que realizamos, as\u00ed como toda la informaci\u00f3n relativa a los mismos. Tratamiento de los datos de clientes Informaci\u00f3n b\u00e1sica sobre Protecci\u00f3n de datos Responsable: ILUSTRE COLEXIO DA AVOGAC\u00cdA DE &hellip; <\/p>","protected":false},"author":1,"featured_media":0,"parent":0,"menu_order":0,"comment_status":"closed","ping_status":"open","template":"","meta":{"footnotes":""},"class_list":["post-3","page","type-page","status-publish","hentry"],"_links":{"self":[{"href":"https:\/\/icaourense.gal\/gl\/wp-json\/wp\/v2\/pages\/3","targetHints":{"allow":["GET"]}}],"collection":[{"href":"https:\/\/icaourense.gal\/gl\/wp-json\/wp\/v2\/pages"}],"about":[{"href":"https:\/\/icaourense.gal\/gl\/wp-json\/wp\/v2\/types\/page"}],"author":[{"embeddable":true,"href":"https:\/\/icaourense.gal\/gl\/wp-json\/wp\/v2\/users\/1"}],"replies":[{"embeddable":true,"href":"https:\/\/icaourense.gal\/gl\/wp-json\/wp\/v2\/comments?post=3"}],"version-history":[{"count":8,"href":"https:\/\/icaourense.gal\/gl\/wp-json\/wp\/v2\/pages\/3\/revisions"}],"predecessor-version":[{"id":987,"href":"https:\/\/icaourense.gal\/gl\/wp-json\/wp\/v2\/pages\/3\/revisions\/987"}],"wp:attachment":[{"href":"https:\/\/icaourense.gal\/gl\/wp-json\/wp\/v2\/media?parent=3"}],"curies":[{"name":"wp","href":"https:\/\/api.w.org\/{rel}","templated":true}]}}